{"id":74,"date":"2018-02-20T20:45:05","date_gmt":"2018-02-20T23:45:05","guid":{"rendered":"http:\/\/r1.ufrrj.br\/humanismo\/?page_id=74"},"modified":"2025-05-15T09:06:02","modified_gmt":"2025-05-15T12:06:02","slug":"membros","status":"publish","type":"page","link":"https:\/\/humanismo.ufrrj.br\/?page_id=74","title":{"rendered":"Membros"},"content":{"rendered":"<p><strong>Coordenador:<\/strong><\/p>\n<p><a href=\"http:\/\/lattes.cnpq.br\/3430633698914755\" target=\"_blank\" rel=\"noopener\">Danilo Bilate<\/a> (UFRRJ \/ PPGF-UFRJ &#8211; bolsista PQ-2 CNPq e JCNE-FAPERJ)<\/p>\n<p>&nbsp;<\/p>\n<p><strong>Pesquisadores doutores:<\/strong><\/p>\n<p><a href=\"http:\/\/lattes.cnpq.br\/7726984773437679\" target=\"_blank\" rel=\"noopener\">Affonso Henrique Vieira da Costa<\/a> (UFRRJ)<\/p>\n<p><a href=\"http:\/\/lattes.cnpq.br\/8445340165743943\" target=\"_blank\" rel=\"noopener\">Aur\u00e9lie Kn\u00fcfer<\/a>\u00a0(Universit\u00e9 de Montpellier 3)<\/p>\n<p><a href=\"http:\/\/lattes.cnpq.br\/5894462070453777\" target=\"_blank\" rel=\"noopener\">Jos\u00e9 Nicolao Juli\u00e3o<\/a> (UFRRJ)<\/p>\n<p><a href=\"http:\/\/buscatextual.cnpq.br\/buscatextual\/visualizacv.do?id=K4744310J1\" target=\"_blank\" rel=\"noopener\">Mariana Teixeira Marques<\/a> (Universit\u00e9 de Toulouse)<\/p>\n<p><a href=\"http:\/\/lattes.cnpq.br\/2437545597681125\">Ronaldo Pelli<\/a> (P\u00f3s-doutorado no PPGF-UFRJ)<\/p>\n<p><a href=\"https:\/\/www.parisnanterre.fr\/m-stephan-pujol--698069.kjsp\" target=\"_blank\" rel=\"noopener\">St\u00e9phane Pujol<\/a>\u00a0(Universit\u00e9 de Toulouse)<\/p>\n<p><a href=\"http:\/\/lattes.cnpq.br\/2566838305211068\">Vladimir de Oliva Mota<\/a> (Universidade Federal de Sergipe)<\/p>\n<p>&nbsp;<\/p>\n<p><strong>Doutorandos atuais:<\/strong><\/p>\n<p>Eron Santos Pereira (PPGF-UFRJ)<\/p>\n<p>&nbsp;<\/p>\n<p><strong>Mestrandos atuais:<\/strong><\/p>\n<p>Juliane Maciel Miranda (PPGFIL-UFRRJ)<\/p>\n<p>Matheus de Freitas Almeida (PPGFIL-UFRRJ)<\/p>\n<p>&nbsp;<\/p>\n<p><strong>Inicia\u00e7\u00e3o Cient\u00edfica em andamento:<\/strong><\/p>\n<p>Jo\u00e3o Victor Vial dos Santos (PIBIC-CNPq)<\/p>\n<p>&nbsp;<\/p>\n<p><strong>Antigos Mestrandos:<\/strong><\/p>\n<p>Angelo Peter da Silva Costa Junior (PPGFIL-UFRRJ)<\/p>\n<p>Brayan de Carvalho Bastos (PPGFIL-UFRRJ)<\/p>\n<p>Davison Roberto de Paula (PPGFIL-UFRRJ)<\/p>\n<p>Fl\u00e1via Besse da Quinta (PPGFIL-UFRRJ)<\/p>\n<p>Juliana Santos da Silva (PPGFIL-UFRRJ)<\/p>\n<p>Leonardo dos Santos Reis (PPGFIL-UFRRJ)<\/p>\n<p>Rodrigo Ribeiro de Assump\u00e7\u00e3o (PPGFIL-UFRRJ)<\/p>\n<p>Vanessa Pereira Dias (PPGFIL-UFRRJ)<\/p>\n<p>&nbsp;<\/p>\n<p><strong>Antigos estagi\u00e1rios de Inicia\u00e7\u00e3o Cient\u00edfica:<\/strong><\/p>\n<p>Al\u00edcia de Souza Baltar Ferreira (PIBIC-CNPq)<\/p>\n<p>Angelo Peter da Silva Costa Junior (PIBIC-CNPq)<\/p>\n<p>Carolyne Gabriela de Souza Barros (PIBIC-CNPq)<\/p>\n<p>Iago Pereira da Silva (FAPERJ)<\/p>\n<p>Jefferson Ant\u00f4nio Cabral (Volunt\u00e1rio-UFRRJ)<\/p>\n<p>Jesse Machado Moreira (PIBIC-CNPq)<\/p>\n<p>Juliane Maciel Miranda (FAPERJ\/PIBIC-CNPq)<\/p>\n<p>P\u00e2mela Reis (FAPERJ)<\/p>\n<p>Qu\u00e9sia Oliveira Olanda (PIBIC-CNPq)<\/p>\n<p>Rafaela do Nascimento Rodrigues (FAPERJ)<\/p>\n<p>Rodrigo Ribeiro de Assump\u00e7\u00e3o (Volunt\u00e1rio-UFRRJ)<\/p>\n<p>Thamis Hesse (PIBIC-CNPq)<\/p>\n","protected":false},"excerpt":{"rendered":"<p>Coordenador: Danilo Bilate (UFRRJ \/ PPGF-UFRJ &#8211; bolsista PQ-2 CNPq e JCNE-FAPERJ) &nbsp; Pesquisadores doutores: Affonso Henrique Vieira da Costa (UFRRJ) Aur\u00e9lie Kn\u00fcfer\u00a0(Universit\u00e9 de Montpellier 3) Jos\u00e9 Nicolao Juli\u00e3o (UFRRJ) Mariana Teixeira Marques (Universit\u00e9 de Toulouse) Ronaldo Pelli (P\u00f3s-doutorado no PPGF-UFRJ) St\u00e9phane Pujol\u00a0(Universit\u00e9 de Toulouse)&nbsp;<a class=\"read-more\" href=\"https:\/\/humanismo.ufrrj.br\/?page_id=74\">&hellip;<\/a><\/p>\n","protected":false},"author":1,"featured_media":0,"parent":0,"menu_order":0,"comment_status":"closed","ping_status":"closed","template":"","meta":{"footnotes":""},"class_list":["post-74","page","type-page","status-publish","hentry"],"_links":{"self":[{"href":"https:\/\/humanismo.ufrrj.br\/index.php?rest_route=\/wp\/v2\/pages\/74","targetHints":{"allow":["GET"]}}],"collection":[{"href":"https:\/\/humanismo.ufrrj.br\/index.php?rest_route=\/wp\/v2\/pages"}],"about":[{"href":"https:\/\/humanismo.ufrrj.br\/index.php?rest_route=\/wp\/v2\/types\/page"}],"author":[{"embeddable":true,"href":"https:\/\/humanismo.ufrrj.br\/index.php?rest_route=\/wp\/v2\/users\/1"}],"replies":[{"embeddable":true,"href":"https:\/\/humanismo.ufrrj.br\/index.php?rest_route=%2Fwp%2Fv2%2Fcomments&post=74"}],"version-history":[{"count":30,"href":"https:\/\/humanismo.ufrrj.br\/index.php?rest_route=\/wp\/v2\/pages\/74\/revisions"}],"predecessor-version":[{"id":472,"href":"https:\/\/humanismo.ufrrj.br\/index.php?rest_route=\/wp\/v2\/pages\/74\/revisions\/472"}],"wp:attachment":[{"href":"https:\/\/humanismo.ufrrj.br\/index.php?rest_route=%2Fwp%2Fv2%2Fmedia&parent=74"}],"curies":[{"name":"wp","href":"https:\/\/api.w.org\/{rel}","templated":true}]}}