{"id":2,"date":"2018-02-20T12:45:42","date_gmt":"2018-02-20T15:45:42","guid":{"rendered":"http:\/\/r1.ufrrj.br\/humanismo\/?page_id=2"},"modified":"2025-09-16T19:55:28","modified_gmt":"2025-09-16T22:55:28","slug":"pagina-exemplo","status":"publish","type":"page","link":"https:\/\/humanismo.ufrrj.br\/?page_id=2","title":{"rendered":"Publica\u00e7\u00f5es"},"content":{"rendered":"<p><a href=\"https:\/\/humanismo.ufrrj.br\/wp-content\/uploads\/2025\/09\/caderno-resumos.pdf\" target=\"_blank\" rel=\"noopener\"><img loading=\"lazy\" decoding=\"async\" class=\"alignnone wp-image-500 size-medium\" src=\"http:\/\/humanismo.ufrrj.br\/wp-content\/uploads\/2025\/09\/Capa-240x300.png\" alt=\"\" width=\"240\" height=\"300\" srcset=\"https:\/\/humanismo.ufrrj.br\/wp-content\/uploads\/2025\/09\/Capa-240x300.png 240w, https:\/\/humanismo.ufrrj.br\/wp-content\/uploads\/2025\/09\/Capa-819x1024.png 819w, https:\/\/humanismo.ufrrj.br\/wp-content\/uploads\/2025\/09\/Capa-768x960.png 768w, https:\/\/humanismo.ufrrj.br\/wp-content\/uploads\/2025\/09\/Capa.png 1080w\" sizes=\"auto, (max-width: 240px) 100vw, 240px\" \/><\/a> \u00a0<a href=\"https:\/\/mauad.com.br\/ensaio-historico-sobre-o-charlatanismo-em-filosofia\" target=\"_blank\" rel=\"noopener\"><img loading=\"lazy\" decoding=\"async\" class=\"alignnone wp-image-467\" src=\"http:\/\/humanismo.ufrrj.br\/wp-content\/uploads\/2024\/07\/capa.jpeg\" alt=\"\" width=\"180\" height=\"277\" \/><\/a> \u00a0<a href=\"https:\/\/www.editions-harmattan.fr\/livre-essai_historique_et_philosophique_sur_le_charlatanisme_danilo_bilate-9782336455853-80346.html\" target=\"_blank\" rel=\"noopener\"><img loading=\"lazy\" decoding=\"async\" class=\"alignnone wp-image-468\" src=\"http:\/\/humanismo.ufrrj.br\/wp-content\/uploads\/2024\/07\/couverture.jpg\" alt=\"\" width=\"166\" height=\"264\" \/><\/a><\/p>\n<p><a href=\"https:\/\/books.google.com.br\/books?id=6_1iEAAAQBAJ&amp;pg=PA11&amp;lpg=PA11&amp;dq=bilate+por+uma+\u00e9tica+dos+afetos&amp;source=bl&amp;ots=7RBvL70Xqn&amp;sig=ACfU3U0GBWVwNH8YivPHT6aSIfrlRXFwkg&amp;hl=pt-BR&amp;sa=X&amp;ved=2ahUKEwiAipOP9cj2AhXVq5UCHS2RDWwQ6AF6BAgaEAM#v=onepage&amp;q=bilate%20por%20uma%20\u00e9tica%20dos%20afetos&amp;f=false\" target=\"_blank\" rel=\"noopener noreferrer\"><img loading=\"lazy\" decoding=\"async\" class=\"alignnone wp-image-407\" src=\"http:\/\/humanismo.ufrrj.br\/wp-content\/uploads\/2022\/03\/afetos.png\" alt=\"\" width=\"184\" height=\"276\" \/><\/a> <a href=\"http:\/\/www.editorappgfilufrrj.org\/enunciacao\/index.php\/revista\/issue\/view\/3\/showToc\" target=\"_blank\" rel=\"noopener noreferrer\"><img loading=\"lazy\" decoding=\"async\" class=\"alignnone wp-image-188 \" src=\"http:\/\/humanismo.ufrrj.br\/wp-content\/uploads\/2018\/02\/cover_issue_3_pt_BR-232x300.jpg\" alt=\"\" width=\"201\" height=\"260\" srcset=\"https:\/\/humanismo.ufrrj.br\/wp-content\/uploads\/2018\/02\/cover_issue_3_pt_BR-232x300.jpg 232w, https:\/\/humanismo.ufrrj.br\/wp-content\/uploads\/2018\/02\/cover_issue_3_pt_BR-600x776.jpg 600w, https:\/\/humanismo.ufrrj.br\/wp-content\/uploads\/2018\/02\/cover_issue_3_pt_BR.jpg 612w\" sizes=\"auto, (max-width: 201px) 100vw, 201px\" \/><\/a> <a href=\"https:\/\/www.amazon.fr\/s\/ref=nb_sb_noss\/277-7447253-5565724?__mk_fr_FR=\u00c5M\u00c5\u017d\u00d5\u00d1&amp;url=search-alias%3Daps&amp;field-keywords=affectologie\" target=\"_blank\" rel=\"noopener noreferrer\"><img loading=\"lazy\" decoding=\"async\" class=\"alignnone wp-image-148 \" src=\"http:\/\/humanismo.ufrrj.br\/wp-content\/uploads\/2018\/02\/9782343072517r-189x300.jpg\" alt=\"\" width=\"171\" height=\"271\" srcset=\"https:\/\/humanismo.ufrrj.br\/wp-content\/uploads\/2018\/02\/9782343072517r-189x300.jpg 189w, https:\/\/humanismo.ufrrj.br\/wp-content\/uploads\/2018\/02\/9782343072517r.jpg 403w\" sizes=\"auto, (max-width: 171px) 100vw, 171px\" \/> <\/a><a href=\"https:\/\/laviedesidees.fr\/L-imperialisme-liberal.html\" target=\"_blank\" rel=\"noopener noreferrer\"><img loading=\"lazy\" decoding=\"async\" class=\"alignnone wp-image-208 \" src=\"http:\/\/humanismo.ufrrj.br\/wp-content\/uploads\/2018\/02\/arton3973-a5c3f.png\" alt=\"\" width=\"181\" height=\"271\" \/><\/a>\u00a0<a href=\"http:\/\/www.editorazouk.com.br\/pd-6e68ca-as-tres-fontes-das-filosofias-da-historia.html\" target=\"_blank\" rel=\"noopener noreferrer\">\u00a0<img loading=\"lazy\" decoding=\"async\" class=\"alignnone wp-image-276 \" src=\"http:\/\/humanismo.ufrrj.br\/wp-content\/uploads\/2020\/03\/Sem-T\u00edtulo-208x300.jpg\" alt=\"\" width=\"187\" height=\"270\" srcset=\"https:\/\/humanismo.ufrrj.br\/wp-content\/uploads\/2020\/03\/Sem-T\u00edtulo-208x300.jpg 208w, https:\/\/humanismo.ufrrj.br\/wp-content\/uploads\/2020\/03\/Sem-T\u00edtulo-35x50.jpg 35w, https:\/\/humanismo.ufrrj.br\/wp-content\/uploads\/2020\/03\/Sem-T\u00edtulo.jpg 611w\" sizes=\"auto, (max-width: 187px) 100vw, 187px\" \/><\/a> <a href=\"http:\/\/www.editorappgfilufrrj.org\/enunciacao\/index.php\/revista\/issue\/view\/5\" target=\"_blank\" rel=\"noopener noreferrer\"><img loading=\"lazy\" decoding=\"async\" class=\"alignnone wp-image-268 \" src=\"http:\/\/humanismo.ufrrj.br\/wp-content\/uploads\/2019\/08\/capa-png-211x300.png\" alt=\"\" width=\"190\" height=\"270\" srcset=\"https:\/\/humanismo.ufrrj.br\/wp-content\/uploads\/2019\/08\/capa-png-211x300.png 211w, https:\/\/humanismo.ufrrj.br\/wp-content\/uploads\/2019\/08\/capa-png-35x50.png 35w, https:\/\/humanismo.ufrrj.br\/wp-content\/uploads\/2019\/08\/capa-png.png 460w\" sizes=\"auto, (max-width: 190px) 100vw, 190px\" \/>\u00a0<\/a><br \/>\n<a href=\"https:\/\/www.vrin.fr\/livre\/9782711630011\/la-philosophie-de-john-stuart-mill\" target=\"_blank\" rel=\"noopener\"><img loading=\"lazy\" decoding=\"async\" class=\"alignnone wp-image-359 size-full\" src=\"http:\/\/humanismo.ufrrj.br\/wp-content\/uploads\/2021\/06\/9782711630011.jpg\" alt=\"\" width=\"190\" height=\"280\" \/><\/a><a href=\"https:\/\/www.honorechampion.com\/fr\/champion\/12377-book-08535566-9782745355669.html\" target=\"_blank\" rel=\"noopener\"><img loading=\"lazy\" decoding=\"async\" class=\"alignnone wp-image-361\" src=\"http:\/\/humanismo.ufrrj.br\/wp-content\/uploads\/2021\/06\/book-08535566-203x300.jpg\" alt=\"\" width=\"188\" height=\"278\" srcset=\"https:\/\/humanismo.ufrrj.br\/wp-content\/uploads\/2021\/06\/book-08535566-203x300.jpg 203w, https:\/\/humanismo.ufrrj.br\/wp-content\/uploads\/2021\/06\/book-08535566.jpg 458w\" sizes=\"auto, (max-width: 188px) 100vw, 188px\" \/><\/a><a href=\"https:\/\/www.fabula.org\/actualites\/voltaire-philosophe-regards-croisestextes-reunis-par-sebastien-charles-et-stephane-pujol_78368.php\" target=\"_blank\" rel=\"noopener\"><img loading=\"lazy\" decoding=\"async\" class=\"alignnone wp-image-365\" src=\"http:\/\/humanismo.ufrrj.br\/wp-content\/uploads\/2021\/06\/78368-238x300.jpg\" alt=\"\" width=\"204\" height=\"257\" srcset=\"https:\/\/humanismo.ufrrj.br\/wp-content\/uploads\/2021\/06\/78368-238x300.jpg 238w, https:\/\/humanismo.ufrrj.br\/wp-content\/uploads\/2021\/06\/78368.jpg 425w\" sizes=\"auto, (max-width: 204px) 100vw, 204px\" \/><\/a><a href=\"http:\/\/www.editorappgfilufrrj.org\/gallery-details18.html\" target=\"_blank\" rel=\"noopener noreferrer\"><img loading=\"lazy\" decoding=\"async\" class=\"alignnone wp-image-298 \" src=\"http:\/\/humanismo.ufrrj.br\/wp-content\/uploads\/2020\/08\/vauvenargues-206x300.jpg\" alt=\"\" width=\"189\" height=\"275\" srcset=\"https:\/\/humanismo.ufrrj.br\/wp-content\/uploads\/2020\/08\/vauvenargues-206x300.jpg 206w, https:\/\/humanismo.ufrrj.br\/wp-content\/uploads\/2020\/08\/vauvenargues.jpg 608w\" sizes=\"auto, (max-width: 189px) 100vw, 189px\" \/> <\/a><a href=\"https:\/\/revistas.ufrj.br\/index.php\/tragica\/index\" target=\"_blank\" rel=\"noopener\"><img loading=\"lazy\" decoding=\"async\" class=\"alignnone wp-image-439\" src=\"http:\/\/humanismo.ufrrj.br\/wp-content\/uploads\/2022\/08\/tragica-capa.jpeg\" alt=\"\" width=\"203\" height=\"217\" \/><\/a>\u00a0\u00a0\u00a0\u00a0<a href=\"https:\/\/editoradoppgfilufrrj.org\/2023\/04\/28\/stael2-pdf\/\" target=\"_blank\" rel=\"noopener\"><img loading=\"lazy\" decoding=\"async\" class=\"alignnone wp-image-459\" src=\"http:\/\/humanismo.ufrrj.br\/wp-content\/uploads\/2023\/05\/stael.png\" alt=\"\" width=\"181\" height=\"247\" \/><\/a><\/p>\n<p>&nbsp;<\/p>\n","protected":false},"excerpt":{"rendered":"<p>\u00a0 \u00a0 \u00a0\u00a0 \u00a0 \u00a0\u00a0\u00a0\u00a0 &nbsp;<\/p>\n","protected":false},"author":1,"featured_media":0,"parent":0,"menu_order":0,"comment_status":"closed","ping_status":"open","template":"","meta":{"footnotes":""},"class_list":["post-2","page","type-page","status-publish","hentry"],"_links":{"self":[{"href":"https:\/\/humanismo.ufrrj.br\/index.php?rest_route=\/wp\/v2\/pages\/2","targetHints":{"allow":["GET"]}}],"collection":[{"href":"https:\/\/humanismo.ufrrj.br\/index.php?rest_route=\/wp\/v2\/pages"}],"about":[{"href":"https:\/\/humanismo.ufrrj.br\/index.php?rest_route=\/wp\/v2\/types\/page"}],"author":[{"embeddable":true,"href":"https:\/\/humanismo.ufrrj.br\/index.php?rest_route=\/wp\/v2\/users\/1"}],"replies":[{"embeddable":true,"href":"https:\/\/humanismo.ufrrj.br\/index.php?rest_route=%2Fwp%2Fv2%2Fcomments&post=2"}],"version-history":[{"count":37,"href":"https:\/\/humanismo.ufrrj.br\/index.php?rest_route=\/wp\/v2\/pages\/2\/revisions"}],"predecessor-version":[{"id":506,"href":"https:\/\/humanismo.ufrrj.br\/index.php?rest_route=\/wp\/v2\/pages\/2\/revisions\/506"}],"wp:attachment":[{"href":"https:\/\/humanismo.ufrrj.br\/index.php?rest_route=%2Fwp%2Fv2%2Fmedia&parent=2"}],"curies":[{"name":"wp","href":"https:\/\/api.w.org\/{rel}","templated":true}]}}