{"id":136,"date":"2018-02-20T23:16:29","date_gmt":"2018-02-21T02:16:29","guid":{"rendered":"http:\/\/r1.ufrrj.br\/humanismo\/?page_id=136"},"modified":"2021-10-02T10:52:51","modified_gmt":"2021-10-02T13:52:51","slug":"sobre","status":"publish","type":"page","link":"https:\/\/humanismo.ufrrj.br\/?page_id=136","title":{"rendered":"Sobre"},"content":{"rendered":"<p style=\"text-align: right;\"><em>\u00c9 sempre o homem que nos interessa,<\/em><\/p>\n<p style=\"text-align: right;\"><i>cuja condi\u00e7\u00e3o \u00e9 maravilhosamente corporal.<\/i><\/p>\n<p style=\"text-align: right;\">(Montaigne,\u00a0<em>Essais<\/em> III, chap.8).<\/p>\n<p>&nbsp;<\/p>\n<p>A classifica\u00e7\u00e3o \u201cHumanismo\u201d \u00e9 equ\u00edvoca e j\u00e1 foi usada para abarcar pensadores os mais diversos. Os dicion\u00e1rios filos\u00f3ficos t\u00eam dificuldade em precisar um sentido para a alcunha. Por isso, o Grupo de Pesquisa Humanismo se v\u00ea na obriga\u00e7\u00e3o metodol\u00f3gica de propor uma clara defini\u00e7\u00e3o &#8211; ainda que ampla &#8211; para o termo e, ao faz\u00ea-lo, se abre para a investiga\u00e7\u00e3o filos\u00f3fica e hist\u00f3rica de quaisquer pensadores que se ad\u00e9quem a ela.<\/p>\n<p>Portanto, evitamos a historiografia de especialistas. Nossa proposta \u00e9 a de fomentar a investiga\u00e7\u00e3o filos\u00f3fica criativa que usa a hist\u00f3ria apenas como aux\u00edlio que sirva \u00e0 resolu\u00e7\u00e3o de problemas filos\u00f3ficos atuais e extempor\u00e2neos.<\/p>\n<p>Os integrantes desse Grupo de Pesquisa entendem pela classifica\u00e7\u00e3o \u201cHumanismo\u201d qualquer filosofia que:<\/p>\n<ul>\n<li style=\"list-style-type: none;\">\n<ul>\n<li>Enfatiza o humano como centro de interesse investigativo, donde se explica que as quest\u00f5es \u00e9ticas, est\u00e9ticas, pol\u00edticas e psicol\u00f3gicas ganhem maior aten\u00e7\u00e3o, comparativamente \u00e0s l\u00f3gicas, gnosiol\u00f3gicas ou ontol\u00f3gicas, embora essas n\u00e3o sejam descartadas por terem import\u00e2ncia como substrato para aquelas (Cabe ressaltar, entretanto, que o GP Humanismo n\u00e3o trabalha com a distin\u00e7\u00e3o entre disciplinas filos\u00f3ficas sem problematiz\u00e1-la, tornando male\u00e1veis suas fronteiras).<\/li>\n<li>Se volta preponderantemente para um pensamento da iman\u00eancia, seja por uma recusa expl\u00edcita de qualquer transcend\u00eancia \u00e0 physis, seja por reservar \u00e0s quest\u00f5es metaf\u00edsicas \u2013 no sentido da ci\u00eancia dos princ\u00edpios \u2013 o lugar secund\u00e1rio comparativamente \u00e0 \u00eanfase dada \u00e0s investiga\u00e7\u00f5es sobre o humano.<\/li>\n<li>Atenta para o papel e para a import\u00e2ncia primeira dos afetos (pathos, stimulus, motus animi) na constitui\u00e7\u00e3o do humano e da pr\u00e1tica humana, sem, portanto, depreciar o \u00e2mbito fisiopsicol\u00f3gico por excel\u00eancia: o corpo.<\/li>\n<li>Entende que o estilo do texto filos\u00f3fico n\u00e3o se restringe necessariamente nem ao dissertativo nem \u00e0 sistematiza\u00e7\u00e3o do pensamento.<\/li>\n<\/ul>\n<\/li>\n<\/ul>\n<p>Por isso, o GP Humanismo considera que a abertura ao polimorfismo estil\u00edstico deve ser n\u00e3o apenas permitida, mas valorizada &#8211; abertura que se coaduna com a aten\u00e7\u00e3o primordial dada aos afetos e, pois, ao corpo. O GP considera, igualmente, que o \u201ctexto filos\u00f3fico\u201d pode ser assim nomeado independente da autoriza\u00e7\u00e3o da historiografia acad\u00eamica vigente, cuja falta eventual n\u00e3o acarreta necessariamente preju\u00edzo ao valor filos\u00f3fico da obra. Que um texto seja classificado pelo catequismo universit\u00e1rio como \u201cliter\u00e1rio\u201d ou \u201cpo\u00e9tico\u201d ou o que o valha, n\u00e3o implica para n\u00f3s a sua marginaliza\u00e7\u00e3o &#8211; \u00a0ao contr\u00e1rio!<\/p>\n<p><a href=\"https:\/\/creativecommons.org\/licenses\/by-nc-sa\/2.5\/br\/\" target=\"_blank\" rel=\"noopener noreferrer\">\u00a0Este texto est\u00e1 licenciado sob uma licen\u00e7a Creative Comuns<\/a><a href=\"https:\/\/creativecommons.org\/licenses\/by-nc-sa\/2.5\/br\/\" target=\"_blank\" rel=\"noopener noreferrer\"><img loading=\"lazy\" decoding=\"async\" class=\"alignnone wp-image-205 size-full\" src=\"http:\/\/humanismo.ufrrj.br\/wp-content\/uploads\/2018\/02\/88x31.png\" alt=\"\" width=\"88\" height=\"31\" \/><\/a><\/p>\n","protected":false},"excerpt":{"rendered":"<p>\u00c9 sempre o homem que nos interessa, cuja condi\u00e7\u00e3o \u00e9 maravilhosamente corporal. (Montaigne,\u00a0Essais III, chap.8). &nbsp; A classifica\u00e7\u00e3o \u201cHumanismo\u201d \u00e9 equ\u00edvoca e j\u00e1 foi usada para abarcar pensadores os mais diversos. Os dicion\u00e1rios filos\u00f3ficos t\u00eam dificuldade em precisar um sentido para a alcunha. Por isso,&nbsp;<a class=\"read-more\" href=\"https:\/\/humanismo.ufrrj.br\/?page_id=136\">&hellip;<\/a><\/p>\n","protected":false},"author":1,"featured_media":0,"parent":0,"menu_order":0,"comment_status":"closed","ping_status":"closed","template":"","meta":{"footnotes":""},"class_list":["post-136","page","type-page","status-publish","hentry"],"_links":{"self":[{"href":"https:\/\/humanismo.ufrrj.br\/index.php?rest_route=\/wp\/v2\/pages\/136","targetHints":{"allow":["GET"]}}],"collection":[{"href":"https:\/\/humanismo.ufrrj.br\/index.php?rest_route=\/wp\/v2\/pages"}],"about":[{"href":"https:\/\/humanismo.ufrrj.br\/index.php?rest_route=\/wp\/v2\/types\/page"}],"author":[{"embeddable":true,"href":"https:\/\/humanismo.ufrrj.br\/index.php?rest_route=\/wp\/v2\/users\/1"}],"replies":[{"embeddable":true,"href":"https:\/\/humanismo.ufrrj.br\/index.php?rest_route=%2Fwp%2Fv2%2Fcomments&post=136"}],"version-history":[{"count":18,"href":"https:\/\/humanismo.ufrrj.br\/index.php?rest_route=\/wp\/v2\/pages\/136\/revisions"}],"predecessor-version":[{"id":405,"href":"https:\/\/humanismo.ufrrj.br\/index.php?rest_route=\/wp\/v2\/pages\/136\/revisions\/405"}],"wp:attachment":[{"href":"https:\/\/humanismo.ufrrj.br\/index.php?rest_route=%2Fwp%2Fv2%2Fmedia&parent=136"}],"curies":[{"name":"wp","href":"https:\/\/api.w.org\/{rel}","templated":true}]}}